{"id":29987,"date":"2021-10-14T09:38:07","date_gmt":"2021-10-14T07:38:07","guid":{"rendered":"https:\/\/vsa-aas.ch\/archives-suisses\/le-paysage-archivistique-suisse\/"},"modified":"2025-11-24T17:14:01","modified_gmt":"2025-11-24T16:14:01","slug":"le-paysage-archivistique-suisse","status":"publish","type":"page","link":"https:\/\/vsa-aas.ch\/fr\/archives-suisses\/le-paysage-archivistique-suisse\/","title":{"rendered":"Le paysage archivistique suisse"},"content":{"rendered":"\t\t<div data-elementor-type=\"wp-page\" data-elementor-id=\"29987\" class=\"elementor elementor-29987 elementor-25548\" data-elementor-post-type=\"page\">\n\t\t\t\t\t\t<section class=\"elementor-section elementor-top-section elementor-element elementor-element-4f6b2cb elementor-section-boxed elementor-section-height-default elementor-section-height-default\" data-id=\"4f6b2cb\" data-element_type=\"section\" data-e-type=\"section\">\n\t\t\t\t\t\t<div class=\"elementor-container elementor-column-gap-default\">\n\t\t\t\t\t<div class=\"elementor-column elementor-col-100 elementor-top-column elementor-element elementor-element-c325bb8\" data-id=\"c325bb8\" data-element_type=\"column\" data-e-type=\"column\">\n\t\t\t<div class=\"elementor-widget-wrap elementor-element-populated\">\n\t\t\t\t\t\t<div class=\"elementor-element elementor-element-6f7a119 elementor-widget elementor-widget-html\" data-id=\"6f7a119\" data-element_type=\"widget\" data-e-type=\"widget\" data-widget_type=\"html.default\">\n\t\t\t\t<div class=\"elementor-widget-container\">\n\t\t\t\t\t<link rel=\"stylesheet\" href=\"https:\/\/vsa-aas.ch\/mapdata\/map-style.css\" type=\"text\/css\" media=\"all\">\t\t\t\t<\/div>\n\t\t\t\t<\/div>\n\t\t\t\t<div class=\"elementor-element elementor-element-a9075cf elementor-widget elementor-widget-shortcode\" data-id=\"a9075cf\" data-element_type=\"widget\" data-e-type=\"widget\" data-widget_type=\"shortcode.default\">\n\t\t\t\t<div class=\"elementor-widget-container\">\n\t\t\t\t\t\t\t<div class=\"elementor-shortcode\"><nav aria-label=\"breadcrumbs\" class=\"rank-math-breadcrumb\"><p><span class=\"last\">VSA-AAS<\/span><\/p><\/nav><\/div>\n\t\t\t\t\t\t<\/div>\n\t\t\t\t<\/div>\n\t\t\t\t<div class=\"elementor-element elementor-element-da6680f elementor-widget elementor-widget-heading\" data-id=\"da6680f\" data-element_type=\"widget\" data-e-type=\"widget\" data-widget_type=\"heading.default\">\n\t\t\t\t<div class=\"elementor-widget-container\">\n\t\t\t\t\t<h1 class=\"elementor-heading-title elementor-size-default\">Le paysage archivistique suisse <\/h1>\t\t\t\t<\/div>\n\t\t\t\t<\/div>\n\t\t\t\t<div class=\"elementor-element elementor-element-7c81194 elementor-widget elementor-widget-text-editor\" data-id=\"7c81194\" data-element_type=\"widget\" data-e-type=\"widget\" data-widget_type=\"text-editor.default\">\n\t\t\t\t<div class=\"elementor-widget-container\">\n\t\t\t\t\t\t\t\t\t<p>Cette page offre dans la carte interactive un aper\u00e7u de toutes les archives de Suisse. <\/p><p>Vous pouvez filtrer les institutions affich\u00e9es en zoomant dans la carte, en s\u00e9lectonnant les cat\u00e9gories ou en ajoutant des termes dans la recherche textuelle. <\/p><p>Cette carte affiche les donn\u00e9es renseign\u00e9es dans la base de donn\u00e9es libre Wikidata. Toutes les institutions sont invit\u00e9es \u00e0 y maintenir leurs informations \u00e0 jour en suivant cette <a href=\"\/fr\/?page_id=71853\">marche \u00e0 suivre<\/a>.  <\/p>\t\t\t\t\t\t\t\t<\/div>\n\t\t\t\t<\/div>\n\t\t\t\t<div class=\"elementor-element elementor-element-289810d elementor-widget elementor-widget-heading\" data-id=\"289810d\" data-element_type=\"widget\" data-e-type=\"widget\" data-widget_type=\"heading.default\">\n\t\t\t\t<div class=\"elementor-widget-container\">\n\t\t\t\t\t<h2 class=\"elementor-heading-title elementor-size-default\">Carte de WikimediaCH<\/h2>\t\t\t\t<\/div>\n\t\t\t\t<\/div>\n\t\t\t\t<div class=\"elementor-element elementor-element-d16a759 elementor-widget elementor-widget-html\" data-id=\"d16a759\" data-element_type=\"widget\" data-e-type=\"widget\" data-widget_type=\"html.default\">\n\t\t\t\t<div class=\"elementor-widget-container\">\n\t\t\t\t\t<div id=\"map\" style=\"height: 80vh;\">Ce contenu n'est disponible que si Javascript est activ\u00e9.<\/div>\n<div id=\"filters\"><\/div>\t\t\t\t<\/div>\n\t\t\t\t<\/div>\n\t\t\t\t\t<\/div>\n\t\t<\/div>\n\t\t\t\t\t<\/div>\n\t\t<\/section>\n\t\t\t\t<section class=\"elementor-section elementor-top-section elementor-element elementor-element-607415f elementor-section-boxed elementor-section-height-default elementor-section-height-default\" data-id=\"607415f\" data-element_type=\"section\" data-e-type=\"section\">\n\t\t\t\t\t\t<div class=\"elementor-container elementor-column-gap-default\">\n\t\t\t\t\t<div class=\"elementor-column elementor-col-100 elementor-top-column elementor-element elementor-element-21d84bb\" data-id=\"21d84bb\" data-element_type=\"column\" data-e-type=\"column\">\n\t\t\t<div class=\"elementor-widget-wrap elementor-element-populated\">\n\t\t\t\t\t\t<div class=\"elementor-element elementor-element-b9da27f elementor-widget elementor-widget-shortcode\" data-id=\"b9da27f\" data-element_type=\"widget\" data-e-type=\"widget\" data-widget_type=\"shortcode.default\">\n\t\t\t\t<div class=\"elementor-widget-container\">\n\t\t\t\t\t\t\t<div class=\"elementor-shortcode\">\t\t<div data-elementor-type=\"section\" data-elementor-id=\"31185\" class=\"elementor elementor-31185 elementor-28803 elementor-28803\" data-elementor-post-type=\"elementor_library\">\n\t\t\t\t\t<section class=\"elementor-section elementor-top-section elementor-element elementor-element-0597ab5 three-buttons elementor-section-boxed elementor-section-height-default elementor-section-height-default\" data-id=\"0597ab5\" data-element_type=\"section\" data-e-type=\"section\">\n\t\t\t\t\t\t<div class=\"elementor-container elementor-column-gap-extended\">\n\t\t\t\t\t<div class=\"elementor-column elementor-col-33 elementor-top-column elementor-element elementor-element-22ad2ce\" data-id=\"22ad2ce\" data-element_type=\"column\" data-e-type=\"column\">\n\t\t\t<div class=\"elementor-widget-wrap elementor-element-populated\">\n\t\t\t\t\t\t<div class=\"elementor-element elementor-element-ea08859 elementor-position-left elementor-vertical-align-middle elementor-widget elementor-widget-image-box\" data-id=\"ea08859\" data-element_type=\"widget\" data-e-type=\"widget\" data-widget_type=\"image-box.default\">\n\t\t\t\t<div class=\"elementor-widget-container\">\n\t\t\t\t\t<div class=\"elementor-image-box-wrapper\"><figure class=\"elementor-image-box-img\"><a href=\"https:\/\/vsa-aas.ch\/fr\/profession-archiviste\/\" tabindex=\"-1\"><img decoding=\"async\" width=\"135\" height=\"135\" src=\"https:\/\/vsa-aas.ch\/wp-content\/uploads\/2022\/03\/Quicklink-Beruf.png\" class=\"attachment-full size-full wp-image-26207\" alt=\"\" \/><\/a><\/figure><div class=\"elementor-image-box-content\"><h5 class=\"elementor-image-box-title\"><a href=\"https:\/\/vsa-aas.ch\/fr\/profession-archiviste\/\">Le m\u00e9tier d'archiviste<\/a><\/h5><p class=\"elementor-image-box-description\">Archiviste professionnel\u00b7le ? Quelles formations ?  <\/p><\/div><\/div>\t\t\t\t<\/div>\n\t\t\t\t<\/div>\n\t\t\t\t\t<\/div>\n\t\t<\/div>\n\t\t\t\t<div class=\"elementor-column elementor-col-33 elementor-top-column elementor-element elementor-element-dffffe2\" data-id=\"dffffe2\" data-element_type=\"column\" data-e-type=\"column\">\n\t\t\t<div class=\"elementor-widget-wrap elementor-element-populated\">\n\t\t\t\t\t\t<div class=\"elementor-element elementor-element-3d79621 elementor-position-left elementor-vertical-align-middle elementor-widget elementor-widget-image-box\" data-id=\"3d79621\" data-element_type=\"widget\" data-e-type=\"widget\" data-widget_type=\"image-box.default\">\n\t\t\t\t<div class=\"elementor-widget-container\">\n\t\t\t\t\t<div class=\"elementor-image-box-wrapper\"><figure class=\"elementor-image-box-img\"><a href=\"https:\/\/vsa-aas.ch\/fr\/association\/\" tabindex=\"-1\"><img decoding=\"async\" width=\"135\" height=\"135\" src=\"https:\/\/vsa-aas.ch\/wp-content\/uploads\/2022\/03\/Quicklink-Verein.png\" class=\"attachment-full size-full wp-image-26206\" alt=\"\" \/><\/a><\/figure><div class=\"elementor-image-box-content\"><h5 class=\"elementor-image-box-title\"><a href=\"https:\/\/vsa-aas.ch\/fr\/association\/\">L'association VSA-AAS<\/a><\/h5><p class=\"elementor-image-box-description\">L'AAS met en r\u00e9seau et d\u00e9veloppe des ressources<\/p><\/div><\/div>\t\t\t\t<\/div>\n\t\t\t\t<\/div>\n\t\t\t\t\t<\/div>\n\t\t<\/div>\n\t\t\t\t<div class=\"elementor-column elementor-col-33 elementor-top-column elementor-element elementor-element-222a6d8\" data-id=\"222a6d8\" data-element_type=\"column\" data-e-type=\"column\">\n\t\t\t<div class=\"elementor-widget-wrap elementor-element-populated\">\n\t\t\t\t\t\t<div class=\"elementor-element elementor-element-3bbc824 elementor-position-left elementor-vertical-align-middle elementor-widget elementor-widget-image-box\" data-id=\"3bbc824\" data-element_type=\"widget\" data-e-type=\"widget\" data-widget_type=\"image-box.default\">\n\t\t\t\t<div class=\"elementor-widget-container\">\n\t\t\t\t\t<div class=\"elementor-image-box-wrapper\"><figure class=\"elementor-image-box-img\"><a href=\"https:\/\/vsa-aas.ch\/fr\/nouveautes\/\" tabindex=\"-1\"><img decoding=\"async\" width=\"135\" height=\"135\" src=\"https:\/\/vsa-aas.ch\/wp-content\/uploads\/2022\/03\/Quicklink-News.png\" class=\"attachment-full size-full wp-image-26205\" alt=\"\" \/><\/a><\/figure><div class=\"elementor-image-box-content\"><h5 class=\"elementor-image-box-title\"><a href=\"https:\/\/vsa-aas.ch\/fr\/nouveautes\/\">Actualit\u00e9s<\/a><\/h5><p class=\"elementor-image-box-description\">Retrouvez les offres d'emploi, \u00e9v\u00e9nements et actualit\u00e9s <\/p><\/div><\/div>\t\t\t\t<\/div>\n\t\t\t\t<\/div>\n\t\t\t\t\t<\/div>\n\t\t<\/div>\n\t\t\t\t\t<\/div>\n\t\t<\/section>\n\t\t\t\t<\/div>\n\t\t<\/div>\n\t\t\t\t\t\t<\/div>\n\t\t\t\t<\/div>\n\t\t\t\t\t<\/div>\n\t\t<\/div>\n\t\t\t\t\t<\/div>\n\t\t<\/section>\n\t\t\t\t<\/div>\n\t\t","protected":false},"excerpt":{"rendered":"<p>Le paysage archivistique suisse Cette page offre dans la carte interactive un aper\u00e7u de toutes les archives de Suisse. Vous pouvez filtrer les institutions affich\u00e9es en zoomant dans la carte,&hellip;&nbsp;<a href=\"https:\/\/vsa-aas.ch\/fr\/archives-suisses\/le-paysage-archivistique-suisse\/\" rel=\"bookmark\">Read More &raquo;<span class=\"screen-reader-text\">Le paysage archivistique suisse<\/span><\/a><\/p>\n","protected":false},"author":5,"featured_media":0,"parent":29979,"menu_order":0,"comment_status":"closed","ping_status":"closed","template":"page-templates\/template-pagebuilder-full-width.php","meta":{"neve_meta_sidebar":"","neve_meta_container":"","neve_meta_enable_content_width":"","neve_meta_content_width":0,"neve_meta_title_alignment":"","neve_meta_author_avatar":"","neve_post_elements_order":"","neve_meta_disable_header":"","neve_meta_disable_footer":"","neve_meta_disable_title":"","neve_meta_reading_time":"","_price":"","_stock":"","_tribe_ticket_header":"","_tribe_default_ticket_provider":"","_tribe_ticket_capacity":"0","_ticket_start_date":"","_ticket_end_date":"","_tribe_ticket_show_description":"","_tribe_ticket_show_not_going":false,"_tribe_ticket_use_global_stock":"","_tribe_ticket_global_stock_level":"","_global_stock_mode":"","_global_stock_cap":"","_tribe_rsvp_for_event":"","_tribe_ticket_going_count":"","_tribe_ticket_not_going_count":"","_tribe_tickets_list":"[]","_tribe_ticket_has_attendee_info_fields":false,"footnotes":"","_tec_slr_enabled":"","_tec_slr_layout":""},"folder":[153],"class_list":["post-29987","page","type-page","status-publish","hentry"],"ticketed":false,"_links":{"self":[{"href":"https:\/\/vsa-aas.ch\/fr\/wp-json\/wp\/v2\/pages\/29987","targetHints":{"allow":["GET"]}}],"collection":[{"href":"https:\/\/vsa-aas.ch\/fr\/wp-json\/wp\/v2\/pages"}],"about":[{"href":"https:\/\/vsa-aas.ch\/fr\/wp-json\/wp\/v2\/types\/page"}],"author":[{"embeddable":true,"href":"https:\/\/vsa-aas.ch\/fr\/wp-json\/wp\/v2\/users\/5"}],"replies":[{"embeddable":true,"href":"https:\/\/vsa-aas.ch\/fr\/wp-json\/wp\/v2\/comments?post=29987"}],"version-history":[{"count":10,"href":"https:\/\/vsa-aas.ch\/fr\/wp-json\/wp\/v2\/pages\/29987\/revisions"}],"predecessor-version":[{"id":72152,"href":"https:\/\/vsa-aas.ch\/fr\/wp-json\/wp\/v2\/pages\/29987\/revisions\/72152"}],"up":[{"embeddable":true,"href":"https:\/\/vsa-aas.ch\/fr\/wp-json\/wp\/v2\/pages\/29979"}],"wp:attachment":[{"href":"https:\/\/vsa-aas.ch\/fr\/wp-json\/wp\/v2\/media?parent=29987"}],"wp:term":[{"taxonomy":"folder","embeddable":true,"href":"https:\/\/vsa-aas.ch\/fr\/wp-json\/wp\/v2\/folder?post=29987"}],"curies":[{"name":"wp","href":"https:\/\/api.w.org\/{rel}","templated":true}]}}