{"id":30731,"date":"2022-04-29T13:03:58","date_gmt":"2022-04-29T11:03:58","guid":{"rendered":"https:\/\/vsa-aas.ch\/association\/groupes-de-travail\/archives-ecclesiastiques\/"},"modified":"2025-10-24T09:05:29","modified_gmt":"2025-10-24T07:05:29","slug":"archives-ecclesiastiques","status":"publish","type":"page","link":"https:\/\/vsa-aas.ch\/fr\/association\/groupes-de-travail\/archives-ecclesiastiques\/","title":{"rendered":"Archives eccl\u00e9siastiques"},"content":{"rendered":"\t\t<div data-elementor-type=\"wp-page\" data-elementor-id=\"30731\" class=\"elementor elementor-30731 elementor-26578\" data-elementor-post-type=\"page\">\n\t\t\t\t\t\t<section class=\"elementor-section elementor-top-section elementor-element elementor-element-7ad2c016 elementor-section-boxed elementor-section-height-default elementor-section-height-default\" data-id=\"7ad2c016\" data-element_type=\"section\" data-e-type=\"section\">\n\t\t\t\t\t\t<div class=\"elementor-container elementor-column-gap-default\">\n\t\t\t\t\t<div class=\"elementor-column elementor-col-50 elementor-top-column elementor-element elementor-element-1c30e1ad\" data-id=\"1c30e1ad\" data-element_type=\"column\" data-e-type=\"column\">\n\t\t\t<div class=\"elementor-widget-wrap elementor-element-populated\">\n\t\t\t\t\t\t<div class=\"elementor-element elementor-element-6e9411c5 elementor-widget elementor-widget-shortcode\" data-id=\"6e9411c5\" data-element_type=\"widget\" data-e-type=\"widget\" data-widget_type=\"shortcode.default\">\n\t\t\t\t<div class=\"elementor-widget-container\">\n\t\t\t\t\t\t\t<div class=\"elementor-shortcode\"><nav aria-label=\"breadcrumbs\" class=\"rank-math-breadcrumb\"><p><span class=\"last\">VSA-AAS<\/span><\/p><\/nav><\/div>\n\t\t\t\t\t\t<\/div>\n\t\t\t\t<\/div>\n\t\t\t\t<div class=\"elementor-element elementor-element-332b2fbe elementor-widget elementor-widget-heading\" data-id=\"332b2fbe\" data-element_type=\"widget\" data-e-type=\"widget\" data-widget_type=\"heading.default\">\n\t\t\t\t<div class=\"elementor-widget-container\">\n\t\t\t\t\t<h1 class=\"elementor-heading-title elementor-size-default\">Groupe de travail Archives eccl\u00e9siastiques<\/h1>\t\t\t\t<\/div>\n\t\t\t\t<\/div>\n\t\t\t\t<div class=\"elementor-element elementor-element-29906268 elementor-widget elementor-widget-text-editor\" data-id=\"29906268\" data-element_type=\"widget\" data-e-type=\"widget\" data-widget_type=\"text-editor.default\">\n\t\t\t\t<div class=\"elementor-widget-container\">\n\t\t\t\t\t\t\t\t\t<p>Le groupe de travail Archives eccl\u00e9siastiques met en r\u00e9seau les archives eccl\u00e9siastiques suisses. Il se fait le relais des int\u00e9r\u00eats et des pr\u00e9occupations des archives eccl\u00e9siastiques au sein de l\u2019AAS.<\/p>\t\t\t\t\t\t\t\t<\/div>\n\t\t\t\t<\/div>\n\t\t\t\t\t<\/div>\n\t\t<\/div>\n\t\t\t\t<div class=\"elementor-column elementor-col-50 elementor-top-column elementor-element elementor-element-7ee1d058\" data-id=\"7ee1d058\" data-element_type=\"column\" data-e-type=\"column\">\n\t\t\t<div class=\"elementor-widget-wrap elementor-element-populated\">\n\t\t\t\t\t\t<div class=\"elementor-element elementor-element-321d8bfe elementor-widget elementor-widget-image\" data-id=\"321d8bfe\" data-element_type=\"widget\" data-e-type=\"widget\" data-widget_type=\"image.default\">\n\t\t\t\t<div class=\"elementor-widget-container\">\n\t\t\t\t\t\t\t\t\t\t\t\t\t\t\t<img fetchpriority=\"high\" decoding=\"async\" width=\"568\" height=\"379\" src=\"https:\/\/vsa-aas.ch\/wp-content\/uploads\/2022\/03\/AG-Geistliche-Archive.png\" class=\"attachment-large size-large wp-image-26549\" alt=\"\" srcset=\"https:\/\/vsa-aas.ch\/wp-content\/uploads\/2022\/03\/AG-Geistliche-Archive.png 568w, https:\/\/vsa-aas.ch\/wp-content\/uploads\/2022\/03\/AG-Geistliche-Archive-300x200.png 300w\" sizes=\"(max-width: 568px) 100vw, 568px\" \/>\t\t\t\t\t\t\t\t\t\t\t\t\t\t\t<\/div>\n\t\t\t\t<\/div>\n\t\t\t\t\t<\/div>\n\t\t<\/div>\n\t\t\t\t\t<\/div>\n\t\t<\/section>\n\t\t\t\t<section class=\"elementor-section elementor-top-section elementor-element elementor-element-5a52ff45 elementor-section-boxed elementor-section-height-default elementor-section-height-default\" data-id=\"5a52ff45\" data-element_type=\"section\" data-e-type=\"section\" data-settings=\"{&quot;background_background&quot;:&quot;classic&quot;}\">\n\t\t\t\t\t\t<div class=\"elementor-container elementor-column-gap-default\">\n\t\t\t\t\t<div class=\"elementor-column elementor-col-100 elementor-top-column elementor-element elementor-element-186bfed9\" data-id=\"186bfed9\" data-element_type=\"column\" data-e-type=\"column\">\n\t\t\t<div class=\"elementor-widget-wrap elementor-element-populated\">\n\t\t\t\t\t\t<div class=\"elementor-element elementor-element-1f31b641 elementor-widget elementor-widget-heading\" data-id=\"1f31b641\" data-element_type=\"widget\" data-e-type=\"widget\" data-widget_type=\"heading.default\">\n\t\t\t\t<div class=\"elementor-widget-container\">\n\t\t\t\t\t<h3 class=\"elementor-heading-title elementor-size-default\">Dialogue et collaborations<\/h3>\t\t\t\t<\/div>\n\t\t\t\t<\/div>\n\t\t\t\t<div class=\"elementor-element elementor-element-53154ee3 elementor-widget elementor-widget-text-editor\" data-id=\"53154ee3\" data-element_type=\"widget\" data-e-type=\"widget\" data-widget_type=\"text-editor.default\">\n\t\t\t\t<div class=\"elementor-widget-container\">\n\t\t\t\t\t\t\t\t\t<p>En Suisse, les <a href=\"https:\/\/archive.kirchen.ch\/\" target=\"_blank\" rel=\"noopener\">archives eccl\u00e9siastiques<\/a> sont des transmetteurs de donn\u00e9es et des vecteurs culturels depuis le haut moyen \u00e2ge. Le Groupe de travail Archives eccl\u00e9siastiques \u0153uvre au dialogue entre les archives d\u2019\u00e9glises et d\u2019\u0153uvres missionnaires et promeut la collaboration avec les archives publiques. Il sensibilise les organisations responsables aux enjeux propres aux archives eccl\u00e9siastiques et transmet ses connaissances dans le cadre de la formation continue et lors de consultations.<\/p><p>Les membres du groupe de travail repr\u00e9sentent les diff\u00e9rents types d\u2019archives des diverses confessions. Leurs comp\u00e9tences sont mises \u00e0 profit pour une approche pragmatique. Gr\u00e2ce \u00e0 la diversit\u00e9 des profils de ses membres, le GTAE est pr\u00e9sent dans diff\u00e9rents organes sp\u00e9cialis\u00e9s nationaux et internationaux.<\/p>\t\t\t\t\t\t\t\t<\/div>\n\t\t\t\t<\/div>\n\t\t\t\t\t<\/div>\n\t\t<\/div>\n\t\t\t\t\t<\/div>\n\t\t<\/section>\n\t\t\t\t<section class=\"elementor-section elementor-top-section elementor-element elementor-element-6015e94b elementor-section-boxed elementor-section-height-default elementor-section-height-default\" data-id=\"6015e94b\" data-element_type=\"section\" data-e-type=\"section\">\n\t\t\t\t\t\t<div class=\"elementor-container elementor-column-gap-default\">\n\t\t\t\t\t<div class=\"elementor-column elementor-col-100 elementor-top-column elementor-element elementor-element-6e746e4e\" data-id=\"6e746e4e\" data-element_type=\"column\" data-e-type=\"column\" data-settings=\"{&quot;background_background&quot;:&quot;classic&quot;}\">\n\t\t\t<div class=\"elementor-widget-wrap elementor-element-populated\">\n\t\t\t\t\t\t<div class=\"elementor-element elementor-element-1b5d5fde elementor-widget elementor-widget-image\" data-id=\"1b5d5fde\" data-element_type=\"widget\" data-e-type=\"widget\" data-widget_type=\"image.default\">\n\t\t\t\t<div class=\"elementor-widget-container\">\n\t\t\t\t\t\t\t\t\t\t\t\t\t\t\t<img decoding=\"async\" width=\"300\" height=\"201\" src=\"https:\/\/vsa-aas.ch\/wp-content\/uploads\/2022\/05\/Mandate-4-300x201.png\" class=\"attachment-medium size-medium wp-image-29488\" alt=\"\" srcset=\"https:\/\/vsa-aas.ch\/wp-content\/uploads\/2022\/05\/Mandate-4-300x201.png 300w, https:\/\/vsa-aas.ch\/wp-content\/uploads\/2022\/05\/Mandate-4.png 344w\" sizes=\"(max-width: 300px) 100vw, 300px\" \/>\t\t\t\t\t\t\t\t\t\t\t\t\t\t\t<\/div>\n\t\t\t\t<\/div>\n\t\t\t\t\t<\/div>\n\t\t<\/div>\n\t\t\t\t\t<\/div>\n\t\t<\/section>\n\t\t\t\t<section class=\"elementor-section elementor-top-section elementor-element elementor-element-383743ef elementor-section-boxed elementor-section-height-default elementor-section-height-default\" data-id=\"383743ef\" data-element_type=\"section\" data-e-type=\"section\">\n\t\t\t\t\t\t<div class=\"elementor-container elementor-column-gap-default\">\n\t\t\t\t\t<div class=\"elementor-column elementor-col-100 elementor-top-column elementor-element elementor-element-15eb1cb4\" data-id=\"15eb1cb4\" data-element_type=\"column\" data-e-type=\"column\">\n\t\t\t<div class=\"elementor-widget-wrap elementor-element-populated\">\n\t\t\t\t\t\t<div class=\"elementor-element elementor-element-612715e1 elementor-align-center elementor-widget elementor-widget-button\" data-id=\"612715e1\" data-element_type=\"widget\" data-e-type=\"widget\" data-widget_type=\"button.default\">\n\t\t\t\t<div class=\"elementor-widget-container\">\n\t\t\t\t\t\t\t\t\t<div class=\"elementor-button-wrapper\">\n\t\t\t\t\t<a class=\"elementor-button elementor-button-link elementor-size-md\" href=\"https:\/\/vsa-aas.ch\/wp-content\/uploads\/2018\/05\/VSA-AAS_Mandat-AG-Geistliche-Archive_d_20180405_20180503.pdf\">\n\t\t\t\t\t\t<span class=\"elementor-button-content-wrapper\">\n\t\t\t\t\t\t\t\t\t<span class=\"elementor-button-text\">Mandat du groupe de travail Archives eccl\u00e9siastiques<\/span>\n\t\t\t\t\t<\/span>\n\t\t\t\t\t<\/a>\n\t\t\t\t<\/div>\n\t\t\t\t\t\t\t\t<\/div>\n\t\t\t\t<\/div>\n\t\t\t\t\t<\/div>\n\t\t<\/div>\n\t\t\t\t\t<\/div>\n\t\t<\/section>\n\t\t\t\t<section class=\"elementor-section elementor-top-section elementor-element elementor-element-14be390a elementor-section-boxed elementor-section-height-default elementor-section-height-default\" data-id=\"14be390a\" data-element_type=\"section\" data-e-type=\"section\" data-settings=\"{&quot;background_background&quot;:&quot;classic&quot;}\">\n\t\t\t\t\t\t<div class=\"elementor-container elementor-column-gap-default\">\n\t\t\t\t\t<div class=\"elementor-column elementor-col-100 elementor-top-column elementor-element elementor-element-74f9bee8\" data-id=\"74f9bee8\" data-element_type=\"column\" data-e-type=\"column\">\n\t\t\t<div class=\"elementor-widget-wrap elementor-element-populated\">\n\t\t\t\t\t\t<div class=\"elementor-element elementor-element-4485a7bb elementor-widget elementor-widget-heading\" data-id=\"4485a7bb\" data-element_type=\"widget\" data-e-type=\"widget\" data-widget_type=\"heading.default\">\n\t\t\t\t<div class=\"elementor-widget-container\">\n\t\t\t\t\t<h3 class=\"elementor-heading-title elementor-size-default\">Documents<\/h3>\t\t\t\t<\/div>\n\t\t\t\t<\/div>\n\t\t\t\t<section class=\"elementor-section elementor-inner-section elementor-element elementor-element-5cbbe10e elementor-section-boxed elementor-section-height-default elementor-section-height-default\" data-id=\"5cbbe10e\" data-element_type=\"section\" data-e-type=\"section\">\n\t\t\t\t\t\t<div class=\"elementor-container elementor-column-gap-default\">\n\t\t\t\t\t<div class=\"elementor-column elementor-col-50 elementor-inner-column elementor-element elementor-element-7a48240e\" data-id=\"7a48240e\" data-element_type=\"column\" data-e-type=\"column\">\n\t\t\t<div class=\"elementor-widget-wrap elementor-element-populated\">\n\t\t\t\t\t\t<div class=\"elementor-element elementor-element-75c86c57 elementor-widget elementor-widget-heading\" data-id=\"75c86c57\" data-element_type=\"widget\" data-e-type=\"widget\" data-widget_type=\"heading.default\">\n\t\t\t\t<div class=\"elementor-widget-container\">\n\t\t\t\t\t<h5 class=\"elementor-heading-title elementor-size-default\">Informations<\/h5>\t\t\t\t<\/div>\n\t\t\t\t<\/div>\n\t\t\t\t<div class=\"elementor-element elementor-element-7687097e elementor-icon-list--layout-traditional elementor-list-item-link-full_width elementor-widget elementor-widget-icon-list\" data-id=\"7687097e\" data-element_type=\"widget\" data-e-type=\"widget\" data-widget_type=\"icon-list.default\">\n\t\t\t\t<div class=\"elementor-widget-container\">\n\t\t\t\t\t\t\t<ul class=\"elementor-icon-list-items\">\n\t\t\t\t\t\t\t<li class=\"elementor-icon-list-item\">\n\t\t\t\t\t\t\t\t\t\t\t<a href=\"https:\/\/vsa-aas.ch\/wp-content\/uploads\/2015\/07\/Flyer_AGGA.pdf\">\n\n\t\t\t\t\t\t\t\t\t\t\t\t<span class=\"elementor-icon-list-icon\">\n\t\t\t\t\t\t\t<i aria-hidden=\"true\" class=\"fas fa-file-pdf\"><\/i>\t\t\t\t\t\t<\/span>\n\t\t\t\t\t\t\t\t\t\t<span class=\"elementor-icon-list-text\">Flyer<\/span>\n\t\t\t\t\t\t\t\t\t\t\t<\/a>\n\t\t\t\t\t\t\t\t\t<\/li>\n\t\t\t\t\t\t\t\t<li class=\"elementor-icon-list-item\">\n\t\t\t\t\t\t\t\t\t\t\t<a href=\"https:\/\/vsa-aas.ch\/wp-content\/uploads\/2015\/06\/Arbeitsgruppe_Geistliche_Archive.pdf\">\n\n\t\t\t\t\t\t\t\t\t\t\t\t<span class=\"elementor-icon-list-icon\">\n\t\t\t\t\t\t\t<i aria-hidden=\"true\" class=\"fas fa-file-pdf\"><\/i>\t\t\t\t\t\t<\/span>\n\t\t\t\t\t\t\t\t\t\t<span class=\"elementor-icon-list-text\">Vernetzung \u2013 Fachwissen \u2013 \u00d6ffentlichkeitsarbeit<\/span>\n\t\t\t\t\t\t\t\t\t\t\t<\/a>\n\t\t\t\t\t\t\t\t\t<\/li>\n\t\t\t\t\t\t<\/ul>\n\t\t\t\t\t\t<\/div>\n\t\t\t\t<\/div>\n\t\t\t\t\t<\/div>\n\t\t<\/div>\n\t\t\t\t<div class=\"elementor-column elementor-col-50 elementor-inner-column elementor-element elementor-element-2a430550\" data-id=\"2a430550\" data-element_type=\"column\" data-e-type=\"column\">\n\t\t\t<div class=\"elementor-widget-wrap elementor-element-populated\">\n\t\t\t\t\t\t<div class=\"elementor-element elementor-element-50ce8aba elementor-widget elementor-widget-heading\" data-id=\"50ce8aba\" data-element_type=\"widget\" data-e-type=\"widget\" data-widget_type=\"heading.default\">\n\t\t\t\t<div class=\"elementor-widget-container\">\n\t\t\t\t\t<h5 class=\"elementor-heading-title elementor-size-default\">Compte-rendus<\/h5>\t\t\t\t<\/div>\n\t\t\t\t<\/div>\n\t\t\t\t\t<\/div>\n\t\t<\/div>\n\t\t\t\t\t<\/div>\n\t\t<\/section>\n\t\t\t\t\t<\/div>\n\t\t<\/div>\n\t\t\t\t\t<\/div>\n\t\t<\/section>\n\t\t\t\t<section class=\"elementor-section elementor-top-section elementor-element elementor-element-4971d733 elementor-section-boxed elementor-section-height-default elementor-section-height-default\" data-id=\"4971d733\" data-element_type=\"section\" data-e-type=\"section\">\n\t\t\t\t\t\t<div class=\"elementor-container elementor-column-gap-default\">\n\t\t\t\t\t<div class=\"elementor-column elementor-col-100 elementor-top-column elementor-element elementor-element-6fb4f0aa\" data-id=\"6fb4f0aa\" data-element_type=\"column\" data-e-type=\"column\">\n\t\t\t<div class=\"elementor-widget-wrap elementor-element-populated\">\n\t\t\t\t\t\t<div class=\"elementor-element elementor-element-a52214d elementor-widget elementor-widget-menu-anchor\" data-id=\"a52214d\" data-element_type=\"widget\" data-e-type=\"widget\" data-widget_type=\"menu-anchor.default\">\n\t\t\t\t<div class=\"elementor-widget-container\">\n\t\t\t\t\t\t\t<div class=\"elementor-menu-anchor\" id=\"Membres\"><\/div>\n\t\t\t\t\t\t<\/div>\n\t\t\t\t<\/div>\n\t\t\t\t<div class=\"elementor-element elementor-element-65649906 elementor-widget elementor-widget-heading\" data-id=\"65649906\" data-element_type=\"widget\" data-e-type=\"widget\" data-widget_type=\"heading.default\">\n\t\t\t\t<div class=\"elementor-widget-container\">\n\t\t\t\t\t<h3 class=\"elementor-heading-title elementor-size-default\">Membres du groupe de travail Archives eccl\u00e9siastiques<\/h3>\t\t\t\t<\/div>\n\t\t\t\t<\/div>\n\t\t\t\t<section class=\"elementor-section elementor-inner-section elementor-element elementor-element-2db4b841 elementor-section-boxed elementor-section-height-default elementor-section-height-default\" data-id=\"2db4b841\" data-element_type=\"section\" data-e-type=\"section\">\n\t\t\t\t\t\t<div class=\"elementor-container elementor-column-gap-default\">\n\t\t\t\t\t<div class=\"elementor-column elementor-col-25 elementor-inner-column elementor-element elementor-element-530adae\" data-id=\"530adae\" data-element_type=\"column\" data-e-type=\"column\">\n\t\t\t<div class=\"elementor-widget-wrap elementor-element-populated\">\n\t\t\t\t\t\t<div class=\"elementor-element elementor-element-1dd7c05e elementor-widget elementor-widget-heading\" data-id=\"1dd7c05e\" data-element_type=\"widget\" data-e-type=\"widget\" data-widget_type=\"heading.default\">\n\t\t\t\t<div class=\"elementor-widget-container\">\n\t\t\t\t\t<h5 class=\"elementor-heading-title elementor-size-default\">Pr\u00e9sident<\/h5>\t\t\t\t<\/div>\n\t\t\t\t<\/div>\n\t\t\t\t<div class=\"elementor-element elementor-element-211530bd elementor-widget elementor-widget-text-editor\" data-id=\"211530bd\" data-element_type=\"widget\" data-e-type=\"widget\" data-widget_type=\"text-editor.default\">\n\t\t\t\t<div class=\"elementor-widget-container\">\n\t\t\t\t\t\t\t\t\t<p>Dr. Jakob Kuratli H\u00fceblin<br>Stiftsarchiv St. Gallen<br>Regierungsgeb\u00e4ude<br>9001 St. Gallen<br>Tel. +41 58 229 38 22<br><a href=\"mailto:jakob.kuratli@sg.ch\">jakob.kuratli@sg.ch<\/a><\/p>\t\t\t\t\t\t\t\t<\/div>\n\t\t\t\t<\/div>\n\t\t\t\t\t<\/div>\n\t\t<\/div>\n\t\t\t\t<div class=\"elementor-column elementor-col-25 elementor-inner-column elementor-element elementor-element-ac68cec\" data-id=\"ac68cec\" data-element_type=\"column\" data-e-type=\"column\">\n\t\t\t<div class=\"elementor-widget-wrap elementor-element-populated\">\n\t\t\t\t\t\t<div class=\"elementor-element elementor-element-38e0a3ef elementor-widget elementor-widget-heading\" data-id=\"38e0a3ef\" data-element_type=\"widget\" data-e-type=\"widget\" data-widget_type=\"heading.default\">\n\t\t\t\t<div class=\"elementor-widget-container\">\n\t\t\t\t\t<h5 class=\"elementor-heading-title elementor-size-default\"><b>Aktuar<\/b><\/h5>\t\t\t\t<\/div>\n\t\t\t\t<\/div>\n\t\t\t\t<div class=\"elementor-element elementor-element-36f27669 elementor-widget elementor-widget-text-editor\" data-id=\"36f27669\" data-element_type=\"widget\" data-e-type=\"widget\" data-widget_type=\"text-editor.default\">\n\t\t\t\t<div class=\"elementor-widget-container\">\n\t\t\t\t\t\t\t\t\t<p>Stefan Kemmer<br>Bisch\u00f6fliches Archiv St. Gallen<br>Klosterhof 6b<br>9001 St. Gallen<br>Tel. +41 71 227 33 66<br>Fax +41 71 227 33 41 <br><a href=\"mailto:kemmer@bistum-stgallen.ch\">kemmer@bistum-stgallen.ch<\/a><\/p>\t\t\t\t\t\t\t\t<\/div>\n\t\t\t\t<\/div>\n\t\t\t\t\t<\/div>\n\t\t<\/div>\n\t\t\t\t<div class=\"elementor-column elementor-col-25 elementor-inner-column elementor-element elementor-element-30ef3c7a\" data-id=\"30ef3c7a\" data-element_type=\"column\" data-e-type=\"column\">\n\t\t\t<div class=\"elementor-widget-wrap elementor-element-populated\">\n\t\t\t\t\t\t<div class=\"elementor-element elementor-element-7a0b3dc3 elementor-widget elementor-widget-heading\" data-id=\"7a0b3dc3\" data-element_type=\"widget\" data-e-type=\"widget\" data-widget_type=\"heading.default\">\n\t\t\t\t<div class=\"elementor-widget-container\">\n\t\t\t\t\t<h5 class=\"elementor-heading-title elementor-size-default\">Membres<\/h5>\t\t\t\t<\/div>\n\t\t\t\t<\/div>\n\t\t\t\t<div class=\"elementor-element elementor-element-4fc212dc elementor-widget elementor-widget-text-editor\" data-id=\"4fc212dc\" data-element_type=\"widget\" data-e-type=\"widget\" data-widget_type=\"text-editor.default\">\n\t\t\t\t<div class=\"elementor-widget-container\">\n\t\t\t\t\t\t\t\t\t<p>Anne Andenmatten<br>Archives de l\u2019Abbaye de Saint-Maurice<br>Av. d\u2019Agaune 15, CP 34<br>1890 Saint-Maurice<br>Tel.  +41 24 486 04 25<br><a href=\"mailto:archives@stmaurice.ch\">archives@stmaurice.ch<\/a><\/p>\t\t\t\t\t\t\t\t<\/div>\n\t\t\t\t<\/div>\n\t\t\t\t\t<\/div>\n\t\t<\/div>\n\t\t\t\t<div class=\"elementor-column elementor-col-25 elementor-inner-column elementor-element elementor-element-40c7788f\" data-id=\"40c7788f\" data-element_type=\"column\" data-e-type=\"column\">\n\t\t\t<div class=\"elementor-widget-wrap elementor-element-populated\">\n\t\t\t\t\t\t<div class=\"elementor-element elementor-element-2da3b7 elementor-widget elementor-widget-text-editor\" data-id=\"2da3b7\" data-element_type=\"widget\" data-e-type=\"widget\" data-widget_type=\"text-editor.default\">\n\t\t\t\t<div class=\"elementor-widget-container\">\n\t\t\t\t\t\t\t\t\t<p>Dr. Eva Bachmann<br>Staatsarchiv Luzern<br>Sch\u00fctzenstrasse 9<br>6003 Luzern<br>Tel. +41 41 228 53 84<br><a href=\"mailto:eva.bachmann@lu.ch\">eva.bachmann@lu.ch<\/a><\/p>\t\t\t\t\t\t\t\t<\/div>\n\t\t\t\t<\/div>\n\t\t\t\t\t<\/div>\n\t\t<\/div>\n\t\t\t\t\t<\/div>\n\t\t<\/section>\n\t\t\t\t<section class=\"elementor-section elementor-inner-section elementor-element elementor-element-2914baf9 elementor-section-boxed elementor-section-height-default elementor-section-height-default\" data-id=\"2914baf9\" data-element_type=\"section\" data-e-type=\"section\">\n\t\t\t\t\t\t<div class=\"elementor-container elementor-column-gap-default\">\n\t\t\t\t\t<div class=\"elementor-column elementor-col-25 elementor-inner-column elementor-element elementor-element-65bf2861\" data-id=\"65bf2861\" data-element_type=\"column\" data-e-type=\"column\">\n\t\t\t<div class=\"elementor-widget-wrap elementor-element-populated\">\n\t\t\t\t\t\t<div class=\"elementor-element elementor-element-509877de elementor-widget elementor-widget-text-editor\" data-id=\"509877de\" data-element_type=\"widget\" data-e-type=\"widget\" data-widget_type=\"text-editor.default\">\n\t\t\t\t<div class=\"elementor-widget-container\">\n\t\t\t\t\t\t\t\t\t<p>Dr. Lukas Camenzind<br>Archives et Biblioth\u00e8que du Couvent des Cordeliers<br>Archiv und Bibliothek des Franziskanerklosters<br>Rue de Morat 6<br>1700 Fribourg\/Freiburg<br>Tel. +41 26 347 11 77<br><a href=\"mailto:archives@cordeliers.ch\">archives@cordeliers.ch<\/a><\/p>\t\t\t\t\t\t\t\t<\/div>\n\t\t\t\t<\/div>\n\t\t\t\t\t<\/div>\n\t\t<\/div>\n\t\t\t\t<div class=\"elementor-column elementor-col-25 elementor-inner-column elementor-element elementor-element-203899d0\" data-id=\"203899d0\" data-element_type=\"column\" data-e-type=\"column\">\n\t\t\t<div class=\"elementor-widget-wrap elementor-element-populated\">\n\t\t\t\t\t\t<div class=\"elementor-element elementor-element-5f39584 elementor-widget elementor-widget-text-editor\" data-id=\"5f39584\" data-element_type=\"widget\" data-e-type=\"widget\" data-widget_type=\"text-editor.default\">\n\t\t\t\t<div class=\"elementor-widget-container\">\n\t\t\t\t\t\t\t\t\t<p>Dr. Rolf De Kegel<br>Stiftsarchiv<br>Benediktinerkloster 1<br>6390 Engelberg<br>Tel. +41 41 639 61 61<br>Fax +41 41 639 62 13 <br><a class=\"linkMailto\" href=\"mailto:stiftsarchiv@kloster-engelberg.ch\" target=\"_blank\" rel=\"nofollow external noopener noreferrer\">stiftsarchiv@kloster-engelberg.ch<\/a><\/p>\t\t\t\t\t\t\t\t<\/div>\n\t\t\t\t<\/div>\n\t\t\t\t\t<\/div>\n\t\t<\/div>\n\t\t\t\t<div class=\"elementor-column elementor-col-25 elementor-inner-column elementor-element elementor-element-a1d1cc9\" data-id=\"a1d1cc9\" data-element_type=\"column\" data-e-type=\"column\">\n\t\t\t<div class=\"elementor-widget-wrap elementor-element-populated\">\n\t\t\t\t\t\t<div class=\"elementor-element elementor-element-7583a4bf elementor-widget elementor-widget-text-editor\" data-id=\"7583a4bf\" data-element_type=\"widget\" data-e-type=\"widget\" data-widget_type=\"text-editor.default\">\n\t\t\t\t<div class=\"elementor-widget-container\">\n\t\t\t\t\t\t\t\t\t<p>J\u00fcrg Hagmann<br>Archivwesen Christkatholische Kirche Schweiz<br>Allmendstr. 29b<br>5400 Baden<br>Tel.  +41 78 789 72 56<br><a class=\"linkMailto\" href=\"mailto:jhagmann@gmail.com\" target=\"_blank\" rel=\"nofollow external noopener noreferrer\">jhagmann@gmail.com<\/a><\/p>\t\t\t\t\t\t\t\t<\/div>\n\t\t\t\t<\/div>\n\t\t\t\t\t<\/div>\n\t\t<\/div>\n\t\t\t\t<div class=\"elementor-column elementor-col-25 elementor-inner-column elementor-element elementor-element-78c5772d\" data-id=\"78c5772d\" data-element_type=\"column\" data-e-type=\"column\">\n\t\t\t<div class=\"elementor-widget-wrap elementor-element-populated\">\n\t\t\t\t\t\t<div class=\"elementor-element elementor-element-7ed0b5 elementor-widget elementor-widget-text-editor\" data-id=\"7ed0b5\" data-element_type=\"widget\" data-e-type=\"widget\" data-widget_type=\"text-editor.default\">\n\t\t\t\t<div class=\"elementor-widget-container\">\n\t\t\t\t\t\t\t\t\t<p>Dr. Colette Halter-Pernet<br>Provinzarchiv Schweizer Kapuziner<br>Wesemlinstr. 42<br>6006 Luzern<br>Tel.  +41 41 429 67 46<br><a class=\"linkMailto\" href=\"mailto:provinzarchiv.ch@kapuziner.org\" target=\"_blank\" rel=\"nofollow external noopener noreferrer\">provinzarchiv.ch@kapuziner.org<\/a><\/p>\t\t\t\t\t\t\t\t<\/div>\n\t\t\t\t<\/div>\n\t\t\t\t\t<\/div>\n\t\t<\/div>\n\t\t\t\t\t<\/div>\n\t\t<\/section>\n\t\t\t\t<section class=\"elementor-section elementor-inner-section elementor-element elementor-element-3b78a728 elementor-section-boxed elementor-section-height-default elementor-section-height-default\" data-id=\"3b78a728\" data-element_type=\"section\" data-e-type=\"section\">\n\t\t\t\t\t\t<div class=\"elementor-container elementor-column-gap-default\">\n\t\t\t\t\t<div class=\"elementor-column elementor-col-25 elementor-inner-column elementor-element elementor-element-52d9f9d6\" data-id=\"52d9f9d6\" data-element_type=\"column\" data-e-type=\"column\">\n\t\t\t<div class=\"elementor-widget-wrap elementor-element-populated\">\n\t\t\t\t\t\t<div class=\"elementor-element elementor-element-72a2bbdb elementor-widget elementor-widget-text-editor\" data-id=\"72a2bbdb\" data-element_type=\"widget\" data-e-type=\"widget\" data-widget_type=\"text-editor.default\">\n\t\t\t\t<div class=\"elementor-widget-container\">\n\t\t\t\t\t\t\t\t\t<p>Dr. Patrick Moser<br>Archiv Mission 21<br>Evangelisches Missionswerk Basel<br>Missionsstrasse 21<br>4009 Basel<br>Tel. +41 61 260 22 57<br><a href=\"mailto:patrick.moser@mission-21.org\">patrick.moser@mission-21.org<\/a><\/p>\t\t\t\t\t\t\t\t<\/div>\n\t\t\t\t<\/div>\n\t\t\t\t\t<\/div>\n\t\t<\/div>\n\t\t\t\t<div class=\"elementor-column elementor-col-25 elementor-inner-column elementor-element elementor-element-2cc5cd5\" data-id=\"2cc5cd5\" data-element_type=\"column\" data-e-type=\"column\">\n\t\t\t<div class=\"elementor-widget-wrap elementor-element-populated\">\n\t\t\t\t\t\t<div class=\"elementor-element elementor-element-2a1073d elementor-widget elementor-widget-text-editor\" data-id=\"2a1073d\" data-element_type=\"widget\" data-e-type=\"widget\" data-widget_type=\"text-editor.default\">\n\t\t\t\t<div class=\"elementor-widget-container\">\n\t\t\t\t\t\t\t\t\t<p>Markus N\u00e4pflin<br>Archiv Institut der Barmherzigen Schwestern vom heiligen Kreuz Ingenbohl<br>Klosterstrasse 10<br>6440 Brunnen<br>Tel. +41 41 825 24 99<br><a href=\"mailto:markus.naepflin@kloster-ingenbohl.ch\">markus.naepflin@kloster-ingenbohl.ch<\/a><\/p>\t\t\t\t\t\t\t\t<\/div>\n\t\t\t\t<\/div>\n\t\t\t\t\t<\/div>\n\t\t<\/div>\n\t\t\t\t<div class=\"elementor-column elementor-col-25 elementor-inner-column elementor-element elementor-element-6f371e3\" data-id=\"6f371e3\" data-element_type=\"column\" data-e-type=\"column\">\n\t\t\t<div class=\"elementor-widget-wrap elementor-element-populated\">\n\t\t\t\t\t\t<div class=\"elementor-element elementor-element-8cd6caa elementor-widget elementor-widget-text-editor\" data-id=\"8cd6caa\" data-element_type=\"widget\" data-e-type=\"widget\" data-widget_type=\"text-editor.default\">\n\t\t\t\t<div class=\"elementor-widget-container\">\n\t\t\t\t\t\t\t\t\t<p>Dr. Christian Schweizer<br>Archiv F\u00f6deration St. Klara Schweizer Kapuzinerinnen <br>c\/o Kapuzinerinnenkloster St. Klara<br>St. Klara-Rain 2<br>6370 Stans<br>Tel. +41 79 301 69 72<br><a href=\"mailto:archiv@torcap.ch\">archiv@torcap.ch<\/a><\/p>\t\t\t\t\t\t\t\t<\/div>\n\t\t\t\t<\/div>\n\t\t\t\t\t<\/div>\n\t\t<\/div>\n\t\t\t\t<div class=\"elementor-column elementor-col-25 elementor-inner-column elementor-element elementor-element-e737734\" data-id=\"e737734\" data-element_type=\"column\" data-e-type=\"column\">\n\t\t\t<div class=\"elementor-widget-wrap elementor-element-populated\">\n\t\t\t\t\t\t<div class=\"elementor-element elementor-element-97b57f2 elementor-widget elementor-widget-text-editor\" data-id=\"97b57f2\" data-element_type=\"widget\" data-e-type=\"widget\" data-widget_type=\"text-editor.default\">\n\t\t\t\t<div class=\"elementor-widget-container\">\n\t\t\t\t\t\t\t\t\t<p><span style=\"background-color: var(--nv-site-bg); color: var(--nv-text-color); font-size: var(--bodyfontsize); font-weight: var(--bodyfontweight); letter-spacing: var(--bodyletterspacing); text-transform: var(--bodytexttransform);\">A<\/span><span style=\"background-color: var(--nv-site-bg); color: var(--nv-text-color); font-size: var(--bodyfontsize); font-weight: var(--bodyfontweight); letter-spacing: var(--bodyletterspacing); text-transform: var(--bodytexttransform);\">nne-Emmanuelle Tankam-Tene <br><\/span><span style=\"background-color: var(--nv-site-bg); color: var(--nv-text-color); font-size: var(--bodyfontsize); font-weight: var(--bodyfontweight); letter-spacing: var(--bodyletterspacing); text-transform: var(--bodytexttransform);\">Archiviste Conseil Oecum\u00e9niques <br>des \u00c9glises<br><\/span><span style=\"background-color: var(--nv-site-bg); color: var(--nv-text-color); font-size: var(--bodyfontsize); font-weight: var(--bodyfontweight); letter-spacing: var(--bodyletterspacing); text-transform: var(--bodytexttransform);\">150, route de Ferney<br><\/span><span style=\"background-color: var(--nv-site-bg); color: var(--nv-text-color); font-size: var(--bodyfontsize); font-weight: var(--bodyfontweight); letter-spacing: var(--bodyletterspacing); text-transform: var(--bodytexttransform);\">C.P. 2100<br><\/span><span style=\"background-color: var(--nv-site-bg); color: var(--nv-text-color); font-size: var(--bodyfontsize); font-weight: var(--bodyfontweight); letter-spacing: var(--bodyletterspacing); text-transform: var(--bodytexttransform);\">1211 Gen\u00e8ve 2<br>Tel. +41 22 791 62 73<br><\/span><a style=\"--linkdeco: none; opacity: 0.9;\" href=\"mailto:Anne_Emmanuelle.Tankam_Tene@wcc-coe.org\" target=\"_blank\" rel=\"nofollow external noopener noreferrer\">Anne_Emmanuelle.Tankam_<br>Tene@wcc-coe.org<\/a><\/p>\t\t\t\t\t\t\t\t<\/div>\n\t\t\t\t<\/div>\n\t\t\t\t\t<\/div>\n\t\t<\/div>\n\t\t\t\t\t<\/div>\n\t\t<\/section>\n\t\t\t\t<section class=\"elementor-section elementor-inner-section elementor-element elementor-element-8397a20 elementor-section-boxed elementor-section-height-default elementor-section-height-default\" data-id=\"8397a20\" data-element_type=\"section\" data-e-type=\"section\">\n\t\t\t\t\t\t<div class=\"elementor-container elementor-column-gap-default\">\n\t\t\t\t\t<div class=\"elementor-column elementor-col-25 elementor-inner-column elementor-element elementor-element-b7365e7\" data-id=\"b7365e7\" data-element_type=\"column\" data-e-type=\"column\">\n\t\t\t<div class=\"elementor-widget-wrap elementor-element-populated\">\n\t\t\t\t\t\t<div class=\"elementor-element elementor-element-48784aa elementor-widget__width-initial elementor-widget elementor-widget-text-editor\" data-id=\"48784aa\" data-element_type=\"widget\" data-e-type=\"widget\" data-widget_type=\"text-editor.default\">\n\t\t\t\t<div class=\"elementor-widget-container\">\n\t\t\t\t\t\t\t\t\t<p>David Zimmer<br>Reformierte Landeskirche Aargau<br>Striteng\u00e4ssli 10<br>5001 Aarau<br>Tel. +41 62 838 00 13<br><a href=\"mailto:david.zimmer@ref-aargau.ch\">david.zimmer@ref-aargau.ch<\/a><span style=\"background-color: var(--nv-site-bg); color: var(--nv-text-color); font-size: var(--bodyfontsize); font-weight: var(--bodyfontweight); letter-spacing: var(--bodyletterspacing); text-transform: var(--bodytexttransform);\"><br><\/span><span style=\"background-color: var(--nv-site-bg); font-size: var(--bodyfontsize); letter-spacing: var(--bodyletterspacing); text-transform: var(--bodytexttransform);\"><span style=\"color: rgba(0, 0, 0, 0);\"><span style=\"font-weight: var(--bodyfontweight);\">Tel. +41 22 791 62 73<\/span><\/span><br><\/span><\/p>\t\t\t\t\t\t\t\t<\/div>\n\t\t\t\t<\/div>\n\t\t\t\t\t<\/div>\n\t\t<\/div>\n\t\t\t\t<div class=\"elementor-column elementor-col-25 elementor-inner-column elementor-element elementor-element-af8a7ee\" data-id=\"af8a7ee\" data-element_type=\"column\" data-e-type=\"column\">\n\t\t\t<div class=\"elementor-widget-wrap\">\n\t\t\t\t\t\t\t<\/div>\n\t\t<\/div>\n\t\t\t\t<div class=\"elementor-column elementor-col-25 elementor-inner-column elementor-element elementor-element-b7362cd\" data-id=\"b7362cd\" data-element_type=\"column\" data-e-type=\"column\">\n\t\t\t<div class=\"elementor-widget-wrap\">\n\t\t\t\t\t\t\t<\/div>\n\t\t<\/div>\n\t\t\t\t<div class=\"elementor-column elementor-col-25 elementor-inner-column elementor-element elementor-element-3c8376a\" data-id=\"3c8376a\" data-element_type=\"column\" data-e-type=\"column\">\n\t\t\t<div class=\"elementor-widget-wrap\">\n\t\t\t\t\t\t\t<\/div>\n\t\t<\/div>\n\t\t\t\t\t<\/div>\n\t\t<\/section>\n\t\t\t\t\t<\/div>\n\t\t<\/div>\n\t\t\t\t\t<\/div>\n\t\t<\/section>\n\t\t\t\t<section class=\"elementor-section elementor-top-section elementor-element elementor-element-ef0dc50 elementor-section-boxed elementor-section-height-default elementor-section-height-default\" data-id=\"ef0dc50\" data-element_type=\"section\" data-e-type=\"section\">\n\t\t\t\t\t\t<div class=\"elementor-container elementor-column-gap-default\">\n\t\t\t\t\t<div class=\"elementor-column elementor-col-100 elementor-top-column elementor-element elementor-element-4a11f6a\" data-id=\"4a11f6a\" data-element_type=\"column\" data-e-type=\"column\">\n\t\t\t<div class=\"elementor-widget-wrap elementor-element-populated\">\n\t\t\t\t\t\t<div class=\"elementor-element elementor-element-c03236c elementor-widget elementor-widget-shortcode\" data-id=\"c03236c\" data-element_type=\"widget\" data-e-type=\"widget\" data-widget_type=\"shortcode.default\">\n\t\t\t\t<div class=\"elementor-widget-container\">\n\t\t\t\t\t\t\t<div class=\"elementor-shortcode\">\t\t<div data-elementor-type=\"section\" data-elementor-id=\"31172\" class=\"elementor elementor-31172 elementor-28843 elementor-28843\" data-elementor-post-type=\"elementor_library\">\n\t\t\t\t\t<section class=\"elementor-section elementor-top-section elementor-element elementor-element-8d1d14a three-buttons elementor-section-boxed elementor-section-height-default elementor-section-height-default\" data-id=\"8d1d14a\" data-element_type=\"section\" data-e-type=\"section\">\n\t\t\t\t\t\t<div class=\"elementor-container elementor-column-gap-extended\">\n\t\t\t\t\t<div class=\"elementor-column elementor-col-33 elementor-top-column elementor-element elementor-element-eb98737\" data-id=\"eb98737\" data-element_type=\"column\" data-e-type=\"column\">\n\t\t\t<div class=\"elementor-widget-wrap elementor-element-populated\">\n\t\t\t\t\t\t<div class=\"elementor-element elementor-element-2eaab69 elementor-position-left elementor-vertical-align-middle elementor-widget elementor-widget-image-box\" data-id=\"2eaab69\" data-element_type=\"widget\" data-e-type=\"widget\" data-widget_type=\"image-box.default\">\n\t\t\t\t<div class=\"elementor-widget-container\">\n\t\t\t\t\t<div class=\"elementor-image-box-wrapper\"><figure class=\"elementor-image-box-img\"><a href=\"https:\/\/vsa-aas.ch\/fr\/archives-suisses\/\" tabindex=\"-1\"><img decoding=\"async\" width=\"135\" height=\"135\" src=\"https:\/\/vsa-aas.ch\/wp-content\/uploads\/2022\/05\/Quicklink_Archive-Schweiz.png\" class=\"attachment-full size-full wp-image-28744\" alt=\"\" \/><\/a><\/figure><div class=\"elementor-image-box-content\"><h5 class=\"elementor-image-box-title\"><a href=\"https:\/\/vsa-aas.ch\/fr\/archives-suisses\/\">Archives suisses<\/a><\/h5><p class=\"elementor-image-box-description\">Vue d'ensemble des archives et des portails suisses<\/p><\/div><\/div>\t\t\t\t<\/div>\n\t\t\t\t<\/div>\n\t\t\t\t\t<\/div>\n\t\t<\/div>\n\t\t\t\t<div class=\"elementor-column elementor-col-33 elementor-top-column elementor-element elementor-element-8376f68\" data-id=\"8376f68\" data-element_type=\"column\" data-e-type=\"column\">\n\t\t\t<div class=\"elementor-widget-wrap elementor-element-populated\">\n\t\t\t\t\t\t<div class=\"elementor-element elementor-element-09420f4 elementor-position-left elementor-vertical-align-middle elementor-widget elementor-widget-image-box\" data-id=\"09420f4\" data-element_type=\"widget\" data-e-type=\"widget\" data-widget_type=\"image-box.default\">\n\t\t\t\t<div class=\"elementor-widget-container\">\n\t\t\t\t\t<div class=\"elementor-image-box-wrapper\"><figure class=\"elementor-image-box-img\"><a href=\"https:\/\/vsa-aas.ch\/fr\/profession-archiviste\/\" tabindex=\"-1\"><img loading=\"lazy\" decoding=\"async\" width=\"135\" height=\"135\" src=\"https:\/\/vsa-aas.ch\/wp-content\/uploads\/2022\/03\/Quicklink-Beruf.png\" class=\"attachment-full size-full wp-image-26207\" alt=\"\" \/><\/a><\/figure><div class=\"elementor-image-box-content\"><h5 class=\"elementor-image-box-title\"><a href=\"https:\/\/vsa-aas.ch\/fr\/profession-archiviste\/\">Le m\u00e9tier d'archiviste<\/a><\/h5><p class=\"elementor-image-box-description\">Archiviste professionnel\u00b7le ? Quelles formations ?  <\/p><\/div><\/div>\t\t\t\t<\/div>\n\t\t\t\t<\/div>\n\t\t\t\t\t<\/div>\n\t\t<\/div>\n\t\t\t\t<div class=\"elementor-column elementor-col-33 elementor-top-column elementor-element elementor-element-91fa023\" data-id=\"91fa023\" data-element_type=\"column\" data-e-type=\"column\">\n\t\t\t<div class=\"elementor-widget-wrap elementor-element-populated\">\n\t\t\t\t\t\t<div class=\"elementor-element elementor-element-5fdae78 elementor-position-left elementor-vertical-align-middle elementor-widget elementor-widget-image-box\" data-id=\"5fdae78\" data-element_type=\"widget\" data-e-type=\"widget\" data-widget_type=\"image-box.default\">\n\t\t\t\t<div class=\"elementor-widget-container\">\n\t\t\t\t\t<div class=\"elementor-image-box-wrapper\"><figure class=\"elementor-image-box-img\"><a href=\"https:\/\/vsa-aas.ch\/fr\/nouveautes\/\" tabindex=\"-1\"><img loading=\"lazy\" decoding=\"async\" width=\"135\" height=\"135\" src=\"https:\/\/vsa-aas.ch\/wp-content\/uploads\/2022\/03\/Quicklink-News.png\" class=\"attachment-full size-full wp-image-26205\" alt=\"\" \/><\/a><\/figure><div class=\"elementor-image-box-content\"><h5 class=\"elementor-image-box-title\"><a href=\"https:\/\/vsa-aas.ch\/fr\/nouveautes\/\">Actualit\u00e9s<\/a><\/h5><p class=\"elementor-image-box-description\">Retrouvez les offres d'emploi, \u00e9v\u00e9nements et actualit\u00e9s <\/p><\/div><\/div>\t\t\t\t<\/div>\n\t\t\t\t<\/div>\n\t\t\t\t\t<\/div>\n\t\t<\/div>\n\t\t\t\t\t<\/div>\n\t\t<\/section>\n\t\t\t\t<\/div>\n\t\t<\/div>\n\t\t\t\t\t\t<\/div>\n\t\t\t\t<\/div>\n\t\t\t\t\t<\/div>\n\t\t<\/div>\n\t\t\t\t\t<\/div>\n\t\t<\/section>\n\t\t\t\t<\/div>\n\t\t","protected":false},"excerpt":{"rendered":"<p>Groupe de travail Archives eccl\u00e9siastiques Le groupe de travail Archives eccl\u00e9siastiques met en r\u00e9seau les archives eccl\u00e9siastiques suisses. Il se fait le relais des int\u00e9r\u00eats et des pr\u00e9occupations des archives&hellip;&nbsp;<a href=\"https:\/\/vsa-aas.ch\/fr\/association\/groupes-de-travail\/archives-ecclesiastiques\/\" rel=\"bookmark\">Read More &raquo;<span class=\"screen-reader-text\">Archives eccl\u00e9siastiques<\/span><\/a><\/p>\n","protected":false},"author":5,"featured_media":0,"parent":30243,"menu_order":0,"comment_status":"closed","ping_status":"closed","template":"page-templates\/template-pagebuilder-full-width.php","meta":{"neve_meta_sidebar":"","neve_meta_container":"","neve_meta_enable_content_width":"","neve_meta_content_width":0,"neve_meta_title_alignment":"","neve_meta_author_avatar":"","neve_post_elements_order":"","neve_meta_disable_header":"","neve_meta_disable_footer":"","neve_meta_disable_title":"","neve_meta_reading_time":"","_price":"","_stock":"","_tribe_ticket_header":"","_tribe_default_ticket_provider":"","_tribe_ticket_capacity":"0","_ticket_start_date":"","_ticket_end_date":"","_tribe_ticket_show_description":"","_tribe_ticket_show_not_going":false,"_tribe_ticket_use_global_stock":"","_tribe_ticket_global_stock_level":"","_global_stock_mode":"","_global_stock_cap":"","_tribe_rsvp_for_event":"","_tribe_ticket_going_count":"","_tribe_ticket_not_going_count":"","_tribe_tickets_list":"[]","_tribe_ticket_has_attendee_info_fields":false,"footnotes":"","_tec_slr_enabled":"","_tec_slr_layout":""},"folder":[150],"class_list":["post-30731","page","type-page","status-publish","hentry"],"ticketed":false,"_links":{"self":[{"href":"https:\/\/vsa-aas.ch\/fr\/wp-json\/wp\/v2\/pages\/30731","targetHints":{"allow":["GET"]}}],"collection":[{"href":"https:\/\/vsa-aas.ch\/fr\/wp-json\/wp\/v2\/pages"}],"about":[{"href":"https:\/\/vsa-aas.ch\/fr\/wp-json\/wp\/v2\/types\/page"}],"author":[{"embeddable":true,"href":"https:\/\/vsa-aas.ch\/fr\/wp-json\/wp\/v2\/users\/5"}],"replies":[{"embeddable":true,"href":"https:\/\/vsa-aas.ch\/fr\/wp-json\/wp\/v2\/comments?post=30731"}],"version-history":[{"count":10,"href":"https:\/\/vsa-aas.ch\/fr\/wp-json\/wp\/v2\/pages\/30731\/revisions"}],"predecessor-version":[{"id":71930,"href":"https:\/\/vsa-aas.ch\/fr\/wp-json\/wp\/v2\/pages\/30731\/revisions\/71930"}],"up":[{"embeddable":true,"href":"https:\/\/vsa-aas.ch\/fr\/wp-json\/wp\/v2\/pages\/30243"}],"wp:attachment":[{"href":"https:\/\/vsa-aas.ch\/fr\/wp-json\/wp\/v2\/media?parent=30731"}],"wp:term":[{"taxonomy":"folder","embeddable":true,"href":"https:\/\/vsa-aas.ch\/fr\/wp-json\/wp\/v2\/folder?post=30731"}],"curies":[{"name":"wp","href":"https:\/\/api.w.org\/{rel}","templated":true}]}}